{"id":1064,"date":"2025-04-24T10:08:12","date_gmt":"2025-04-24T13:08:12","guid":{"rendered":"https:\/\/seja-ead.com.br\/?page_id=1064"},"modified":"2025-04-24T16:43:49","modified_gmt":"2025-04-24T19:43:49","slug":"saiba-mais-seja-ead","status":"publish","type":"page","link":"https:\/\/seja-ead.com.br\/index.php\/saiba-mais-seja-ead\/","title":{"rendered":"Saiba Mais &#8211; CEBEJA SEJA-EaD"},"content":{"rendered":"\n<h4 class=\"wp-block-heading has-text-align-center\">Ter o &#8220;Ensino M\u00e9dio Concluso&#8221; faz toda a diferen\u00e7a . . . Pois, com estudos j\u00e1 est\u00e1 dif\u00edcil,                                      sem estudos fica pior ainda . . . Pense nisso !!!<strong>\u00a0. . .<\/strong><\/h4>\n\n\n\n<div style=\"height:15px\" aria-hidden=\"true\" class=\"wp-block-spacer\"><\/div>\n\n\n\n<hr class=\"wp-block-separator has-alpha-channel-opacity\"\/>\n\n\n\n<div style=\"height:15px\" aria-hidden=\"true\" class=\"wp-block-spacer\"><\/div>\n\n\n\n<h5 class=\"wp-block-heading has-text-align-center\" style=\"font-size:17px\"><br>Nossos CERTIFICADOS s\u00e3o v\u00e1lidos em todo o territ\u00f3rio brasileiro . . . Para ingressar em seu Curso de Gradua\u00e7\u00e3o (universidade) e\/ou Melhoria de Emprego e\/ou Prestar Concursos P\u00fablicos<\/h5>\n\n\n\n<p class=\"has-text-align-center\"><strong>Reconhecido pela SEED\/PR \u2013 CEE\/PR e MEC em Acordo LDB 9394\/96<\/strong><\/p>\n\n\n\n<div style=\"height:15px\" aria-hidden=\"true\" class=\"wp-block-spacer\"><\/div>\n\n\n\n<hr class=\"wp-block-separator has-alpha-channel-opacity\"\/>\n\n\n\n<div style=\"height:100px\" aria-hidden=\"true\" class=\"wp-block-spacer\"><\/div>\n\n\n\n<div class=\"wp-block-media-text is-stacked-on-mobile\" style=\"grid-template-columns:37% auto\"><figure class=\"wp-block-media-text__media\"><img loading=\"lazy\" decoding=\"async\" width=\"1024\" height=\"768\" src=\"http:\/\/seja-ead.com.br\/wp-content\/uploads\/2025\/04\/SEJA-EaD-Rua-Para-1024x768.jpg\" alt=\"\" class=\"wp-image-1090 size-full\" srcset=\"https:\/\/seja-ead.com.br\/wp-content\/uploads\/2025\/04\/SEJA-EaD-Rua-Para-1024x768.jpg 1024w, https:\/\/seja-ead.com.br\/wp-content\/uploads\/2025\/04\/SEJA-EaD-Rua-Para-300x225.jpg 300w, https:\/\/seja-ead.com.br\/wp-content\/uploads\/2025\/04\/SEJA-EaD-Rua-Para-768x576.jpg 768w, https:\/\/seja-ead.com.br\/wp-content\/uploads\/2025\/04\/SEJA-EaD-Rua-Para.jpg 1360w\" sizes=\"auto, (max-width: 1024px) 100vw, 1024px\" \/><\/figure><div class=\"wp-block-media-text__content\">\n<p class=\"has-white-color has-text-color has-background has-link-color wp-elements-dba32cbca8fa5660632c51e1e6a6e5dd\" style=\"background-color:#ff4700;font-size:18px\">N\u00f3s do CEBJA SEJA EaD \u2013 Centro de Educa\u00e7\u00e3o para Jovens e Adultos SEJA &#8211; Ensino Fundamental e M\u00e9dio, ou simplesmente o SEJA-EaD Supletivo, iniciamos nossas atividades em 2016 obtendo sua \u201cAutoriza\u00e7\u00e3o de Funcionamento e Credenciamento\u201d pela SEED \/ Pr \u2013 Secretaria de Educa\u00e7\u00e3o e Esporte do Estado do Paran\u00e1, e CEE \/ Pr. Conselho Estadual de Educa\u00e7\u00e3o do Estado do Paran\u00e1, em acordo com a LDB 9394\/96 \u2013 MEC \u2013 Minist\u00e9rio da Educa\u00e7\u00e3o<\/p>\n\n\n\n<div style=\"height:100px\" aria-hidden=\"true\" class=\"wp-block-spacer\"><\/div>\n<\/div><\/div>\n\n\n\n<h4 class=\"wp-block-heading has-text-align-center has-medium-font-size\">Rua Par\u00e1, 1500 &#8211; Sobre Loja &#8211; Centro &#8211; Londrina &#8211; Pr \/ CEP: 86.020-400 (esquina com a Av. Higien\u00f3polis) <\/h4>\n\n\n\n<div style=\"height:100px\" aria-hidden=\"true\" class=\"wp-block-spacer\"><\/div>\n\n\n\n<hr class=\"wp-block-separator has-alpha-channel-opacity\"\/>\n\n\n\n<div style=\"height:15px\" aria-hidden=\"true\" class=\"wp-block-spacer\"><\/div>\n\n\n\n<h4 class=\"wp-block-heading has-text-align-center has-medium-font-size\">NOSSO DIFERENCIAL &#8211; Excel\u00eancia na Qualidade de Ensino <\/h4>\n\n\n\n<div style=\"height:15px\" aria-hidden=\"true\" class=\"wp-block-spacer\"><\/div>\n\n\n\n<p class=\"has-text-align-center has-black-color has-text-color has-link-color wp-elements-c0d6891ff3d044fe27046f0a63b16165\" style=\"font-size:17px\"><strong>Ao estudar no SEJA-EaD Supletivo, voc\u00ea ter\u00e1 acesso ONLINE com professores de verdade em aulas em tempo real via internet. . . .  Estude a Qualquer Tempo e Momento, com uso de seu                                     CELULAR e\/ou Tablet ou Computador Pessoal<\/strong> <\/p>\n\n\n\n<div style=\"height:15px\" aria-hidden=\"true\" class=\"wp-block-spacer\"><\/div>\n\n\n\n<hr class=\"wp-block-separator has-alpha-channel-opacity\"\/>\n\n\n\n<div style=\"height:25px\" aria-hidden=\"true\" class=\"wp-block-spacer\"><\/div>\n\n\n\n<h4 class=\"wp-block-heading has-text-align-center has-medium-font-size\">Nosso Quadro de Professores<\/h4>\n\n\n\n<div style=\"height:15px\" aria-hidden=\"true\" class=\"wp-block-spacer\"><\/div>\n\n\n\n<p class=\"has-text-align-center has-black-color has-text-color has-link-color wp-elements-877b4e4446fa80f10fc7fb1c33407937\" style=\"font-size:17px\"><strong>N\u00f3s do SEJA-EaD Supletivo dispomos de um Time de Professores altamente qualificados no fino trato com nossos alunos.    Preocupados com a excel\u00eancia e qualidade da informa\u00e7\u00e3o focados na educa\u00e7\u00e3o de base, onde disponibilizamos  &#8230;<\/strong><\/p>\n\n\n\n<p class=\"has-text-align-center has-black-color has-text-color has-link-color wp-elements-35444771bdb1e5d9a33ba087aa851203\" style=\"font-size:17px\"> <strong>05 (Cinco) Professores com gradua\u00e7\u00e3o, Licenciatura, P\u00f3s Gradua\u00e7\u00e3o e Especializa\u00e7\u00f5es <br><strong>10 (Dez) Professores com gradua\u00e7\u00e3o, Licenciatura, P\u00f3s Gradua\u00e7\u00e3o, Especializa\u00e7\u00f5es<\/strong> e MESTRADO<br><strong><strong>02 (Dois) Professores com gradua\u00e7\u00e3o, Licenciatura, P\u00f3s Gradua\u00e7\u00e3o, Especializa\u00e7\u00f5es<\/strong>,M<\/strong>estrado e DOUTORADO<br><\/strong>&#8220;<strong>Oferecemos sempre o melhor a nossos Alunos \/ Educandos<\/strong>&#8220;<\/p>\n\n\n\n<div style=\"height:15px\" aria-hidden=\"true\" class=\"wp-block-spacer\"><\/div>\n\n\n\n<hr class=\"wp-block-separator has-alpha-channel-opacity\"\/>\n\n\n\n<hr class=\"wp-block-separator has-alpha-channel-opacity\"\/>\n\n\n\n<div style=\"height:30px\" aria-hidden=\"true\" class=\"wp-block-spacer\"><\/div>\n\n\n\n<h5 class=\"wp-block-heading has-text-align-center has-medium-font-size\">CEBJA SEJA EaD \u2013 Centro de Educa\u00e7\u00e3o para Jovens e Adultos SEJA &#8211;                                 Ensino Fundamental e Ensino M\u00e9dio<\/h5>\n\n\n\n<p><\/p>\n\n\n\n<h5 class=\"wp-block-heading has-text-align-left has-medium-font-size\">                               Ensino M\u00e9dio &#8211; 1o. Ano e\/ou 2o. Ano e\/ou 3o. Ano<\/h5>\n\n\n\n<div style=\"height:30px\" aria-hidden=\"true\" class=\"wp-block-spacer\"><\/div>\n\n\n\n<div class=\"wp-block-group has-background is-nowrap is-layout-flex wp-container-core-group-is-layout-ad2f72ca wp-block-group-is-layout-flex\" style=\"background:linear-gradient(135deg,rgb(255,71,0) 37%,rgba(112,43,16,0.8) 100%)\">\n<p class=\"has-white-color has-text-color has-link-color has-medium-font-size wp-elements-f966b3b87f1eb017055ff5b7e263146f\">01 \u2013 Lingu\u00e1gem C\u00f3digos e Suas Tecnologias<\/p>\n<\/div>\n\n\n\n<div style=\"height:10px\" aria-hidden=\"true\" class=\"wp-block-spacer\"><\/div>\n\n\n\n<div class=\"wp-block-group has-background is-nowrap is-layout-flex wp-container-core-group-is-layout-ad2f72ca wp-block-group-is-layout-flex\" style=\"background:linear-gradient(135deg,rgb(255,71,0) 37%,rgba(112,43,16,0.8) 100%)\">\n<p class=\"has-white-color has-text-color has-link-color has-medium-font-size wp-elements-2427a8a7f02a4d04ae7f0b67f829dbfc\">02 \u2013 Matem\u00e1tica e Suas Tecnologias<\/p>\n<\/div>\n\n\n\n<div style=\"height:10px\" aria-hidden=\"true\" class=\"wp-block-spacer\"><\/div>\n\n\n\n<div class=\"wp-block-group has-background is-nowrap is-layout-flex wp-container-core-group-is-layout-ad2f72ca wp-block-group-is-layout-flex\" style=\"background:linear-gradient(135deg,rgb(255,71,0) 37%,rgba(112,43,16,0.8) 100%)\">\n<p class=\"has-white-color has-text-color has-link-color has-medium-font-size wp-elements-9473114f1021dc433892376e89ba49dc\">03 \u2013 Ci\u00eancias Humanas e Suas Tecnologias<\/p>\n<\/div>\n\n\n\n<div style=\"height:10px\" aria-hidden=\"true\" class=\"wp-block-spacer\"><\/div>\n\n\n\n<div class=\"wp-block-group has-background is-nowrap is-layout-flex wp-container-core-group-is-layout-ad2f72ca wp-block-group-is-layout-flex\" style=\"background:linear-gradient(135deg,rgb(255,71,0) 37%,rgba(112,43,16,0.8) 100%)\">\n<p class=\"has-white-color has-text-color has-link-color has-medium-font-size wp-elements-119bfea926349c1e3cfda3c57359ec24\">04 \u2013 Ci\u00eancias da Naturaeza e Suas Tecnologias<\/p>\n<\/div>\n\n\n\n<div style=\"height:10px\" aria-hidden=\"true\" class=\"wp-block-spacer\"><\/div>\n\n\n\n<div class=\"wp-block-group has-background is-nowrap is-layout-flex wp-container-core-group-is-layout-ad2f72ca wp-block-group-is-layout-flex\" style=\"background:linear-gradient(135deg,rgb(255,71,0) 37%,rgba(112,43,16,0.8) 100%)\">\n<p class=\"has-white-color has-text-color has-link-color has-medium-font-size wp-elements-a524d12c18c7cfbf6a5c3959e958cef7\">05 \u2013 Itiner\u00e1rio Formativo<\/p>\n<\/div>\n\n\n\n<div class=\"wp-block-group is-nowrap is-layout-flex wp-container-core-group-is-layout-ad2f72ca wp-block-group-is-layout-flex\"><\/div>\n\n\n\n<div class=\"wp-block-group is-nowrap is-layout-flex wp-container-core-group-is-layout-ad2f72ca wp-block-group-is-layout-flex\">\n<h5 class=\"wp-block-heading has-text-align-left has-medium-font-size\">Ensino Fundamental &#8211; II &#8211; 6o. Ano e\/ou 7o. Ano e\/ou 8o. Ano e\/ou 9o. Ano<\/h5>\n\n\n\n<div style=\"height:10px;width:0px\" aria-hidden=\"true\" class=\"wp-block-spacer wp-container-content-728072c3\"><\/div>\n<\/div>\n\n\n\n<div class=\"wp-block-group is-nowrap is-layout-flex wp-container-core-group-is-layout-ad2f72ca wp-block-group-is-layout-flex\"><\/div>\n\n\n\n<div class=\"wp-block-group has-background is-nowrap is-layout-flex wp-container-core-group-is-layout-ad2f72ca wp-block-group-is-layout-flex\" style=\"background:linear-gradient(135deg,rgb(255,71,0) 37%,rgba(112,43,16,0.8) 100%)\">\n<p class=\"has-white-color has-text-color has-link-color has-medium-font-size wp-elements-738b3b9365a3b0a1345d01ca7b961554\">01 \u2013 Lingu\u00e1gem C\u00f3digos e Suas Tecnologias<\/p>\n<\/div>\n\n\n\n<div style=\"height:10px\" aria-hidden=\"true\" class=\"wp-block-spacer\"><\/div>\n\n\n\n<div class=\"wp-block-group has-background is-nowrap is-layout-flex wp-container-core-group-is-layout-ad2f72ca wp-block-group-is-layout-flex\" style=\"background:linear-gradient(135deg,rgb(255,71,0) 37%,rgba(112,43,16,0.8) 100%)\">\n<p class=\"has-white-color has-text-color has-link-color has-medium-font-size wp-elements-2427a8a7f02a4d04ae7f0b67f829dbfc\">02 \u2013 Matem\u00e1tica e Suas Tecnologias<\/p>\n<\/div>\n\n\n\n<div style=\"height:10px\" aria-hidden=\"true\" class=\"wp-block-spacer\"><\/div>\n\n\n\n<div class=\"wp-block-group has-background is-nowrap is-layout-flex wp-container-core-group-is-layout-ad2f72ca wp-block-group-is-layout-flex\" style=\"background:linear-gradient(135deg,rgb(255,71,0) 37%,rgba(112,43,16,0.8) 100%)\">\n<p class=\"has-white-color has-text-color has-link-color has-medium-font-size wp-elements-9473114f1021dc433892376e89ba49dc\">03 \u2013 Ci\u00eancias Humanas e Suas Tecnologias<\/p>\n<\/div>\n\n\n\n<p><\/p>\n\n\n\n<div class=\"wp-block-group has-background is-nowrap is-layout-flex wp-container-core-group-is-layout-ad2f72ca wp-block-group-is-layout-flex\" style=\"background:linear-gradient(135deg,rgb(255,71,0) 37%,rgba(112,43,16,0.8) 100%)\">\n<p class=\"has-white-color has-text-color has-link-color has-medium-font-size wp-elements-119bfea926349c1e3cfda3c57359ec24\">04 \u2013 Ci\u00eancias da Naturaeza e Suas Tecnologias<\/p>\n<\/div>\n\n\n\n<div style=\"height:70px\" aria-hidden=\"true\" class=\"wp-block-spacer\"><\/div>\n\n\n\n<div class=\"wp-block-buttons is-content-justification-center is-layout-flex wp-container-core-buttons-is-layout-16018d1d wp-block-buttons-is-layout-flex\">\n<div class=\"wp-block-button is-style-fill\"><a class=\"wp-block-button__link has-background has-custom-font-size wp-element-button\" href=\"http:\/\/seja-ead.com.br\/index.php\/matricula\/\" style=\"background:linear-gradient(176deg,rgb(255,71,0) 54%,rgb(170,24,24) 100%);font-size:20px\"><strong>Matr\u00edcule-se agora!<\/strong><\/a><\/div>\n<\/div>\n","protected":false},"excerpt":{"rendered":"<p>Ter o &#8220;Ensino M\u00e9dio Concluso&#8221; faz toda a diferen\u00e7a . . . Pois, com estudos j\u00e1 est\u00e1 dif\u00edcil, sem estudos fica pior ainda . . . Pense nisso !!!\u00a0. . . Nossos CERTIFICADOS s\u00e3o v\u00e1lidos em todo o territ\u00f3rio brasileiro . . . Para ingressar em seu Curso de Gradua\u00e7\u00e3o (universidade) e\/ou Melhoria de Emprego [&hellip;]<\/p>\n","protected":false},"author":1,"featured_media":0,"parent":0,"menu_order":0,"comment_status":"closed","ping_status":"closed","template":"","meta":{"footnotes":""},"class_list":["post-1064","page","type-page","status-publish","hentry"],"_links":{"self":[{"href":"https:\/\/seja-ead.com.br\/index.php\/wp-json\/wp\/v2\/pages\/1064","targetHints":{"allow":["GET"]}}],"collection":[{"href":"https:\/\/seja-ead.com.br\/index.php\/wp-json\/wp\/v2\/pages"}],"about":[{"href":"https:\/\/seja-ead.com.br\/index.php\/wp-json\/wp\/v2\/types\/page"}],"author":[{"embeddable":true,"href":"https:\/\/seja-ead.com.br\/index.php\/wp-json\/wp\/v2\/users\/1"}],"replies":[{"embeddable":true,"href":"https:\/\/seja-ead.com.br\/index.php\/wp-json\/wp\/v2\/comments?post=1064"}],"version-history":[{"count":17,"href":"https:\/\/seja-ead.com.br\/index.php\/wp-json\/wp\/v2\/pages\/1064\/revisions"}],"predecessor-version":[{"id":1114,"href":"https:\/\/seja-ead.com.br\/index.php\/wp-json\/wp\/v2\/pages\/1064\/revisions\/1114"}],"wp:attachment":[{"href":"https:\/\/seja-ead.com.br\/index.php\/wp-json\/wp\/v2\/media?parent=1064"}],"curies":[{"name":"wp","href":"https:\/\/api.w.org\/{rel}","templated":true}]}}